{"id":9,"date":"2026-04-21T06:37:54","date_gmt":"2026-04-21T06:37:54","guid":{"rendered":"https:\/\/imspsrbriceni.md\/?page_id=9"},"modified":"2026-08-03T21:37:10","modified_gmt":"2026-08-03T18:37:10","slug":"about-us","status":"publish","type":"page","link":"https:\/\/imspsrbriceni.md\/?page_id=9","title":{"rendered":"CONSILIUL  DE  ADMINISTRA\u021aIE AL IMSP SR BRICENI"},"content":{"rendered":"<p style=\"text-align: center;\"><strong><span style=\"font-size: 18pt;\">Fondator -Ministerul S\u0103n\u0103t\u0103\u021bii al Republicii Moldova<\/span><\/strong><\/p>\n<p>&nbsp;<\/p>\n<p style=\"text-align: center;\"><span style=\"font-size: 14pt;\"><strong>Membrii Consiliului de Administra\u021bie:<\/strong><\/span><\/p>\n<p style=\"text-align: center;\"><span style=\"font-size: 14pt;\"><span style=\"color: #000080;\"><strong>Ion Pris\u0103caru<\/strong><\/span>&#8211;<span style=\"color: #000000;\">Pre\u0219edintele Consiliului de administra\u021bie,Secretar de Stat al MS RM;<\/span><\/span><\/p>\n<p style=\"text-align: center;\"><span style=\"font-size: 14pt;\"><span style=\"color: #000080;\"><strong>Aliona\u00a0 Andronatii<\/strong><\/span>&#8211;<span style=\"color: #000000;\">membru,Consultant principal,direc\u021bia politici \u00een domeniul asisten\u021bei medicale spitalice\u0219ti, reprezentant al Ministerului S\u0103n\u0103t\u0103\u021bii;<\/span><\/span><\/p>\n<p style=\"text-align: center;\"><span style=\"font-size: 14pt;\"><span style=\"color: #000080;\"><strong>Mihail Prozor<\/strong><\/span>&#8211;<span style=\"color: #000000;\">membru,repezentant al colecivului de munc\u0103 al IMSP SR Briceni;<\/span><\/span><\/p>\n<p style=\"text-align: center;\"><span style=\"font-size: 14pt;\"><span style=\"color: #000080;\"><strong>Livia Florea<\/strong><\/span>&#8211;<span style=\"color: #000000;\">membru, reprezentant al comunit\u0103\u021bii;<\/span><\/span><\/p>\n<p style=\"text-align: center;\"><span style=\"font-size: 14pt;\"><span style=\"color: #000080;\"><strong>Vasile Darii<\/strong><\/span>&#8211;<span style=\"color: #000000;\">secretarul Consiliului de Administra\u021bie&#8221;<\/span><\/span><\/p>\n","protected":false},"excerpt":{"rendered":"<p>Fondator -Ministerul S\u0103n\u0103t\u0103\u021bii al Republicii Moldova &nbsp; Membrii Consiliului de Administra\u021bie: Ion Pris\u0103caru&#8211;Pre\u0219edintele Consiliului de administra\u021bie,Secretar de Stat al MS RM; Aliona\u00a0 Andronatii&#8211;membru,Consultant principal,direc\u021bia politici \u00een domeniul asisten\u021bei medicale spitalice\u0219ti, reprezentant al Ministerului S\u0103n\u0103t\u0103\u021bii; Mihail Prozor&#8211;membru,repezentant al colecivului de munc\u0103 al IMSP SR Briceni; Livia Florea&#8211;membru, reprezentant al comunit\u0103\u021bii; Vasile Darii&#8211;secretarul Consiliului de Administra\u021bie&#8221;<\/p>\n","protected":false},"author":1,"featured_media":271,"parent":0,"menu_order":0,"comment_status":"closed","ping_status":"closed","template":"","meta":{"footnotes":""},"class_list":["post-9","page","type-page","status-publish","has-post-thumbnail","hentry"],"_links":{"self":[{"href":"https:\/\/imspsrbriceni.md\/index.php?rest_route=\/wp\/v2\/pages\/9","targetHints":{"allow":["GET"]}}],"collection":[{"href":"https:\/\/imspsrbriceni.md\/index.php?rest_route=\/wp\/v2\/pages"}],"about":[{"href":"https:\/\/imspsrbriceni.md\/index.php?rest_route=\/wp\/v2\/types\/page"}],"author":[{"embeddable":true,"href":"https:\/\/imspsrbriceni.md\/index.php?rest_route=\/wp\/v2\/users\/1"}],"replies":[{"embeddable":true,"href":"https:\/\/imspsrbriceni.md\/index.php?rest_route=%2Fwp%2Fv2%2Fcomments&post=9"}],"version-history":[{"count":3,"href":"https:\/\/imspsrbriceni.md\/index.php?rest_route=\/wp\/v2\/pages\/9\/revisions"}],"predecessor-version":[{"id":155,"href":"https:\/\/imspsrbriceni.md\/index.php?rest_route=\/wp\/v2\/pages\/9\/revisions\/155"}],"wp:featuredmedia":[{"embeddable":true,"href":"https:\/\/imspsrbriceni.md\/index.php?rest_route=\/wp\/v2\/media\/271"}],"wp:attachment":[{"href":"https:\/\/imspsrbriceni.md\/index.php?rest_route=%2Fwp%2Fv2%2Fmedia&parent=9"}],"curies":[{"name":"wp","href":"https:\/\/api.w.org\/{rel}","templated":true}]}}